{"id":2711,"date":"2020-02-18T22:36:29","date_gmt":"2020-02-18T21:36:29","guid":{"rendered":"http:\/\/gemeinde.ahlerstedt.de\/?page_id=2711"},"modified":"2020-02-23T16:36:50","modified_gmt":"2020-02-23T15:36:50","slug":"erfolge-2","status":"publish","type":"page","link":"https:\/\/gemeinde.ahlerstedt.de\/?page_id=2711","title":{"rendered":"Erfolge"},"content":{"rendered":"\n<p> Hier ein paar Beispiele, was durch den Einsatz der Dorfbewohner bereits in den Orten passiert und welche Projekte schon erfolgreich umgesetzt sind: <\/p>\n\n\n      <div id=\"post-grid-lazy-2712\" class=\"post-grid-lazy\"><img decoding=\"async\" alt=\"\" src=\"\" \/><\/div>\n    <script>\n      jQuery('#post-grid-lazy-2712').ready(function($) {\n        $('#post-grid-lazy-2712').fadeOut();\n        $('#post-grid-2712   ').fadeIn();\n      })\n    <\/script>\n    <style type=\"text\/css\">\n      #post-grid-2712 {\n        display: none;\n      }\n\n      .post-grid-lazy {\n        text-align: center;\n      }\n    <\/style>\n    <div data-options='{&quot;id&quot;:&quot;2712&quot;,&quot;lazy_load&quot;:&quot;yes&quot;,&quot;masonry_enable&quot;:&quot;yes&quot;,&quot;view_type&quot;:&quot;grid&quot;}' id=\"post-grid-2712\" class=\"post-grid grid\">\n    \n\n\n    <div class=\"grid-items\">\n      <div class=\"item item-9104 skin flat even 0 \">\n        <div class=\"layer-wrapper layout-\">\n        <div class=\"layer-media\"><a href=\"https:\/\/gemeinde.ahlerstedt.de\/?p=9104\"><img decoding=\"async\" alt=\"Flei\u00dfiger Feger\" src=\"https:\/\/gemeinde.ahlerstedt.de\/wp-content\/uploads\/2020\/03\/2020-02-Ausbau-DGH-oben-2-Ausschnitt-219x300.jpeg\" \/><\/a><\/div>\n  <div class=\"layer-content\">\n        <div class=\"element element_0  title_link \">\r\n                    <a target=\"\"\r\n                href=\"https:\/\/gemeinde.ahlerstedt.de\/?p=9104\">\ud83d\udcaa Ausbau Dachgeschoss DGH Bokel \ud83d\udcaa<\/a>\r\n            <\/div>\r\n    <div class=\"element element_1  excerpt \">\r\n        Erster Zwischenbericht Das Obergeschoss war bisher im Rohbauzustand. Und wurde, wie es mit solchen Fl\u00e4chen ist, einfach nur als unstrukturierter            <\/div>\r\n            <a class=\"element element_2  read_more \"\r\n            target=\"\"\r\n            href=\"https:\/\/gemeinde.ahlerstedt.de\/?p=9104\"><\/a>\r\n        <div class=\"element element_3  categories \">\r\n        <a target=\"\" href=\"https:\/\/gemeinde.ahlerstedt.de\/?cat=35\">Bokel<\/a>    <\/div>\r\n  <\/div>\n    <\/div>\n  <\/div><div class=\"item item-32405 skin flat odd 1 \">\n        <div class=\"layer-wrapper layout-\">\n        <div class=\"layer-media\"><a href=\"https:\/\/gemeinde.ahlerstedt.de\/?p=32405\"><img decoding=\"async\" alt=\"\" src=\"https:\/\/gemeinde.ahlerstedt.de\/wp-content\/uploads\/2021\/07\/jakobskreuzkraut-jacobaea-vulgaris--300x225.jpg\" \/><\/a><\/div>\n  <div class=\"layer-content\">\n        <div class=\"element element_0  title_link \">\r\n                    <a target=\"\"\r\n                href=\"https:\/\/gemeinde.ahlerstedt.de\/?p=32405\">Aktion Giftkraut bek\u00e4mpfen!<\/a>\r\n            <\/div>\r\n    <div class=\"element element_1  excerpt \">\r\n                    <\/div>\r\n            <a class=\"element element_2  read_more \"\r\n            target=\"\"\r\n            href=\"https:\/\/gemeinde.ahlerstedt.de\/?p=32405\"><\/a>\r\n        <div class=\"element element_3  categories \">\r\n        <a target=\"\" href=\"https:\/\/gemeinde.ahlerstedt.de\/?cat=1\">Ahlerstedt<\/a>, <a target=\"\" href=\"https:\/\/gemeinde.ahlerstedt.de\/?cat=40\">Ahrensmoor<\/a>, <a target=\"\" href=\"https:\/\/gemeinde.ahlerstedt.de\/?cat=39\">Ahrenswohlde<\/a>    <\/div>\r\n  <\/div>\n    <\/div>\n  <\/div><div class=\"item item-24941 skin flat even 2 \">\n        <div class=\"layer-wrapper layout-\">\n        <div class=\"layer-media\"><a href=\"https:\/\/gemeinde.ahlerstedt.de\/?p=24941\"><img decoding=\"async\" alt=\"\" src=\"https:\/\/gemeinde.ahlerstedt.de\/wp-content\/uploads\/2020\/05\/Logo-Repair-Cafe-300x108.jpg\" \/><\/a><\/div>\n  <div class=\"layer-content\">\n        <div class=\"element element_0  title_link \">\r\n                    <a target=\"\"\r\n                href=\"https:\/\/gemeinde.ahlerstedt.de\/?p=24941\">Repair Caf\u00e9<\/a>\r\n            <\/div>\r\n    <div class=\"element element_1  excerpt \">\r\n        Reparieren statt wegwerfen Im Rahmen der sozialen Dorfentwicklung haben sich Ehrenamtliche gefunden, die mit handwerklichem Geschick kaputte Haushalts-, Hobby-, oder            <\/div>\r\n            <a class=\"element element_2  read_more \"\r\n            target=\"\"\r\n            href=\"https:\/\/gemeinde.ahlerstedt.de\/?p=24941\"><\/a>\r\n        <div class=\"element element_3  categories \">\r\n        <a target=\"\" href=\"https:\/\/gemeinde.ahlerstedt.de\/?cat=1\">Ahlerstedt<\/a>, <a target=\"\" href=\"https:\/\/gemeinde.ahlerstedt.de\/?cat=40\">Ahrensmoor<\/a>, <a target=\"\" href=\"https:\/\/gemeinde.ahlerstedt.de\/?cat=39\">Ahrenswohlde<\/a>    <\/div>\r\n  <\/div>\n    <\/div>\n  <\/div><div class=\"item item-32459 skin flat odd 3 \">\n        <div class=\"layer-wrapper layout-\">\n        <div class=\"layer-media\"><a href=\"https:\/\/gemeinde.ahlerstedt.de\/?p=32459\"><img decoding=\"async\" alt=\"\" src=\"https:\/\/gemeinde.ahlerstedt.de\/wp-content\/uploads\/2021\/08\/WhatsApp-Image-2021-08-13-at-15.20.29-300x300.jpeg\" \/><\/a><\/div>\n  <div class=\"layer-content\">\n        <div class=\"element element_0  title_link \">\r\n                    <a target=\"\"\r\n                href=\"https:\/\/gemeinde.ahlerstedt.de\/?p=32459\">Hochwasserhilfe aus Bokel &#8211; Endstand 3.951,-EUR!<\/a>\r\n            <\/div>\r\n    <div class=\"element element_1  excerpt \">\r\n        \"Ok, mit vielleicht 400EUR h\u00e4tte ich gerechnet. Mit dieser gro\u00dfen Summe aber nie im Leben. Ich bin \u00fcberw\u00e4ltigt und dankbar            <\/div>\r\n            <a class=\"element element_2  read_more \"\r\n            target=\"\"\r\n            href=\"https:\/\/gemeinde.ahlerstedt.de\/?p=32459\"><\/a>\r\n        <div class=\"element element_3  categories \">\r\n        <a target=\"\" href=\"https:\/\/gemeinde.ahlerstedt.de\/?cat=35\">Bokel<\/a>    <\/div>\r\n  <\/div>\n    <\/div>\n  <\/div><div class=\"item item-29189 skin flat even 4 \">\n        <div class=\"layer-wrapper layout-\">\n        <div class=\"layer-media\"><a href=\"https:\/\/gemeinde.ahlerstedt.de\/?p=29189\"><img decoding=\"async\" alt=\"\" src=\"https:\/\/gemeinde.ahlerstedt.de\/wp-content\/uploads\/2020\/06\/P5300185_ji-300x225.jpg\" \/><\/a><\/div>\n  <div class=\"layer-content\">\n        <div class=\"element element_0  title_link \">\r\n                    <a target=\"\"\r\n                href=\"https:\/\/gemeinde.ahlerstedt.de\/?p=29189\">Neugestaltung Dorfplatz Ottendorf<\/a>\r\n            <\/div>\r\n    <div class=\"element element_1  excerpt \">\r\n        Da sich hinter der Ortstafel von unserem Dorfplatz noch eine gr\u00f6\u00dfere Fl\u00e4che befindet, die aber mit den Jahren zusehends verwilderte            <\/div>\r\n            <a class=\"element element_2  read_more \"\r\n            target=\"\"\r\n            href=\"https:\/\/gemeinde.ahlerstedt.de\/?p=29189\"><\/a>\r\n        <div class=\"element element_3  categories \">\r\n        <a target=\"\" href=\"https:\/\/gemeinde.ahlerstedt.de\/?cat=38\">Ottendorf \/ Klethen<\/a>    <\/div>\r\n  <\/div>\n    <\/div>\n  <\/div><div class=\"item item-2692 skin flat odd 5 \">\n        <div class=\"layer-wrapper layout-\">\n        <div class=\"layer-media\"><a href=\"https:\/\/gemeinde.ahlerstedt.de\/?p=2692\"><img decoding=\"async\" alt=\"\" src=\"https:\/\/gemeinde.ahlerstedt.de\/wp-content\/uploads\/2020\/02\/Sitzgruppe-Doosthof-thumb-300x206.jpg\" \/><\/a><\/div>\n  <div class=\"layer-content\">\n        <div class=\"element element_0  title_link \">\r\n                    <a target=\"\"\r\n                href=\"https:\/\/gemeinde.ahlerstedt.de\/?p=2692\">Restaurierung Sitzb\u00e4nke in Kakerbeck<\/a>\r\n            <\/div>\r\n    <div class=\"element element_1  excerpt \">\r\n        Restaurierung von Sitzb\u00e4nken&nbsp;in und um Kakerbeck sowie Aufstellen von Ideen- und Meckerk\u00e4sten in Kakerbeck beim Feuerwehrhaus, in Doosthof in der            <\/div>\r\n            <a class=\"element element_2  read_more \"\r\n            target=\"\"\r\n            href=\"https:\/\/gemeinde.ahlerstedt.de\/?p=2692\"><\/a>\r\n        <div class=\"element element_3  categories \">\r\n        <a target=\"\" href=\"https:\/\/gemeinde.ahlerstedt.de\/?cat=36\">Kakerbeck<\/a>    <\/div>\r\n  <\/div>\n    <\/div>\n  <\/div><div class=\"item item-32237 skin flat even 6 \">\n        <div class=\"layer-wrapper layout-\">\n        <div class=\"layer-media\"><a href=\"https:\/\/gemeinde.ahlerstedt.de\/?p=32237\"><img decoding=\"async\" alt=\"\" src=\"https:\/\/gemeinde.ahlerstedt.de\/wp-content\/uploads\/2021\/04\/WhatsApp-Image-2021-05-11-at-21.24.27-300x225.jpeg\" \/><\/a><\/div>\n  <div class=\"layer-content\">\n        <div class=\"element element_0  title_link \">\r\n                    <a target=\"\"\r\n                href=\"https:\/\/gemeinde.ahlerstedt.de\/?p=32237\">Turm der Artenvielfalt im Mehrgenerationenpark<\/a>\r\n            <\/div>\r\n    <div class=\"element element_1  excerpt \">\r\n        Unser Turm der Artenvielfalt w\u00e4chst. Die Idee etwas f\u00fcr den Artenschutz zu tun, ist auch ein Ziel der sozialen Dorfentwicklung.            <\/div>\r\n            <a class=\"element element_2  read_more \"\r\n            target=\"\"\r\n            href=\"https:\/\/gemeinde.ahlerstedt.de\/?p=32237\"><\/a>\r\n        <div class=\"element element_3  categories \">\r\n        <a target=\"\" href=\"https:\/\/gemeinde.ahlerstedt.de\/?cat=1\">Ahlerstedt<\/a>    <\/div>\r\n  <\/div>\n    <\/div>\n  <\/div><div class=\"item item-32433 skin flat odd 7 \">\n        <div class=\"layer-wrapper layout-\">\n        <div class=\"layer-media\"><a href=\"https:\/\/gemeinde.ahlerstedt.de\/?p=32433\"><img decoding=\"async\" alt=\"\" src=\"https:\/\/gemeinde.ahlerstedt.de\/wp-content\/uploads\/2021\/07\/hochwasser_helfen-300x190.jpg\" \/><\/a><\/div>\n  <div class=\"layer-content\">\n        <div class=\"element element_0  title_link \">\r\n                    <a target=\"\"\r\n                href=\"https:\/\/gemeinde.ahlerstedt.de\/?p=32433\">Hochwasserhilfe aus Bokel, erste \u00dcberweisung: 1.981EUR (!)<\/a>\r\n            <\/div>\r\n    <div class=\"element element_1  excerpt \">\r\n        Dienstag Abend (20.07.) wurde die Spendeninitiative in Bokel ins Leben gerufen. Heute Abend, Sonntag 25.07., konnten wir den Kassensturz machen            <\/div>\r\n            <a class=\"element element_2  read_more \"\r\n            target=\"\"\r\n            href=\"https:\/\/gemeinde.ahlerstedt.de\/?p=32433\"><\/a>\r\n        <div class=\"element element_3  categories \">\r\n        <a target=\"\" href=\"https:\/\/gemeinde.ahlerstedt.de\/?cat=35\">Bokel<\/a>    <\/div>\r\n  <\/div>\n    <\/div>\n  <\/div><div class=\"item item-32227 skin flat even 8 \">\n        <div class=\"layer-wrapper layout-\">\n        <div class=\"layer-media\"><a href=\"https:\/\/gemeinde.ahlerstedt.de\/?p=32227\"><img decoding=\"async\" alt=\"\" src=\"https:\/\/gemeinde.ahlerstedt.de\/wp-content\/uploads\/2021\/03\/Haeckseltag-Bokel-ohne-Tel-300x223.jpg\" \/><\/a><\/div>\n  <div class=\"layer-content\">\n        <div class=\"element element_0  title_link \">\r\n                    <a target=\"\"\r\n                href=\"https:\/\/gemeinde.ahlerstedt.de\/?p=32227\">Bokler H\u00e4ckseltag und Baumpflanztag &#8211; 27.03.2021<\/a>\r\n            <\/div>\r\n    <div class=\"element element_1  excerpt \">\r\n        Busch h\u00e4ckseln f\u00fcr neue B\u00e4ume - eine Aktion von Boklern f\u00fcr Bokler.            <\/div>\r\n            <a class=\"element element_2  read_more \"\r\n            target=\"\"\r\n            href=\"https:\/\/gemeinde.ahlerstedt.de\/?p=32227\"><\/a>\r\n        <div class=\"element element_3  categories \">\r\n        <a target=\"\" href=\"https:\/\/gemeinde.ahlerstedt.de\/?cat=35\">Bokel<\/a>    <\/div>\r\n  <\/div>\n    <\/div>\n  <\/div><div class=\"item item-32184 skin flat odd 9 \">\n        <div class=\"layer-wrapper layout-\">\n        <div class=\"layer-media\"><a href=\"https:\/\/gemeinde.ahlerstedt.de\/?p=32184\"><img decoding=\"async\" alt=\"\" src=\"https:\/\/gemeinde.ahlerstedt.de\/wp-content\/uploads\/2021\/03\/IMG-20210212-WA0013-300x169.jpeg\" \/><\/a><\/div>\n  <div class=\"layer-content\">\n        <div class=\"element element_0  title_link \">\r\n                    <a target=\"\"\r\n                href=\"https:\/\/gemeinde.ahlerstedt.de\/?p=32184\">5 Testwochen &#8222;LandMobil&#8220; in Bokel abgeschlossen<\/a>\r\n            <\/div>\r\n    <div class=\"element element_1  excerpt \">\r\n        Fahrradflotte \"LandMobil\" \u00fcber 1.000km ausgiebig getestet.            <\/div>\r\n            <a class=\"element element_2  read_more \"\r\n            target=\"\"\r\n            href=\"https:\/\/gemeinde.ahlerstedt.de\/?p=32184\"><\/a>\r\n        <div class=\"element element_3  categories \">\r\n        <a target=\"\" href=\"https:\/\/gemeinde.ahlerstedt.de\/?cat=35\">Bokel<\/a>    <\/div>\r\n  <\/div>\n    <\/div>\n  <\/div>    <\/div>\n    <div class=\"pagination\">\n      <div class=\"paginate\">\n    <span aria-current=\"page\" class=\"page-numbers current\">1<\/span>\n<a class=\"page-numbers\" href=\"https:\/\/gemeinde.ahlerstedt.de\/index.php?rest_route=%2Fwp%2Fv2%2Fpages%2F2711&#038;paged=2\">2<\/a>\n<a class=\"page-numbers\" href=\"https:\/\/gemeinde.ahlerstedt.de\/index.php?rest_route=%2Fwp%2Fv2%2Fpages%2F2711&#038;paged=3\">3<\/a>\n<span class=\"page-numbers dots\">&hellip;<\/span>\n<a class=\"page-numbers\" href=\"https:\/\/gemeinde.ahlerstedt.de\/index.php?rest_route=%2Fwp%2Fv2%2Fpages%2F2711&#038;paged=9\">9<\/a>\n<a class=\"next page-numbers\" href=\"https:\/\/gemeinde.ahlerstedt.de\/index.php?rest_route=%2Fwp%2Fv2%2Fpages%2F2711&#038;paged=2\">Next \u00bb<\/a>  <\/div>\n  <style type=\"text\/css\">\n    #post-grid-2712 .pagination .page-numbers {\n      font-size: 16px;\n      color: #fff;\n      background: #646464;\n    }\n\n    #post-grid-2712 .pagination .page-numbers:hover,\n    #post-grid-2712 .pagination .page-numbers.current {\n      background: #4b4b4b;\n    }\n  <\/style>\n  <\/div>\n      <script>\n          <\/script>\n    <style type=\"text\/css\">\n    #post-grid-2712 .element_0 {\n      display: block;font-size: 21px;line-height: normal;padding: 5px 10px;text-align: center;text-decoration: none;    }\n\n    #post-grid-2712 .element_1 {\n      display: block;font-size: 14px;padding: 5px 10px;text-align: center;    }\n\n    #post-grid-2712 .element_2 {\n      display: block;font-size: 12px;font-weight: bold;padding: 0 10px;text-align: center;    }\n\n    #post-grid-2712 .element_3a {\n      display: block;font-size: 13px;line-height: normal;padding: 5px 10px;text-align: left;    }\n\n    #post-grid-2712 .element_0:hover{}#post-grid-2712 .element_1:hover{}#post-grid-2712 .element_2:hover{}#post-grid-2712 .element_3:hover{}  <\/style>\n  <style type=\"text\/css\">\n    #post-grid-2712 {\n      padding: 10px;\n          }\n\n    #post-grid-2712 .item {\n      padding: 0px;\n      background: #ededed;\n          }\n\n    #post-grid-2712 .item .layer-media {\n      height:auto;    }\n\n    @media only screen and (min-width: 0px) and (max-width: 767px) {\n      #post-grid-2712 .grid-items {\n        text-align: center;\n              }\n\n      #post-grid-2712 .item {\n        width: 90%;\n        margin: 10px;\n        display: inline-block;\n        vertical-align: top;\n        height:auto;      }\n    }\n\n    @media only screen and (min-width: 768px) and (max-width: 1023px) {\n      #post-grid-2712 .grid-items {\n        text-align: center;\n              }\n\n      #post-grid-2712 .item {\n        width: 280px;\n        margin: 10px;\n        display: inline-block;\n        vertical-align: top;\n        max-height:auto;      }\n    }\n\n    @media only screen and (min-width: 1024px) {\n      #post-grid-2712 .grid-items {\n        text-align: center;\n              }\n\n      #post-grid-2712 .item {\n        width: 280px;\n        display: inline-block;\n        margin: 10px;\n        vertical-align: top;\n        height:auto;      }\n    }\n\n      <\/style>\n  <\/div>\n\n","protected":false},"excerpt":{"rendered":"<p>Hier ein paar Beispiele, was durch den Einsatz der Dorfbewohner bereits in den Orten passiert und welche Projekte schon erfolgreich umgesetzt sind:<\/p>\n","protected":false},"author":2,"featured_media":0,"parent":104,"menu_order":0,"comment_status":"closed","ping_status":"closed","template":"","meta":{"_uag_custom_page_level_css":"","footnotes":""},"class_list":["post-2711","page","type-page","status-publish","hentry"],"uagb_featured_image_src":{"full":false,"thumbnail":false,"medium":false,"medium_large":false,"large":false,"1536x1536":false,"2048x2048":false,"post-thumbnail":false,"nisargpro-full-width":false},"uagb_author_info":{"display_name":"S\u00f6ren Arndt","author_link":"https:\/\/gemeinde.ahlerstedt.de\/?author=2"},"uagb_comment_info":0,"uagb_excerpt":"Hier ein paar Beispiele, was durch den Einsatz der Dorfbewohner bereits in den Orten passiert und welche Projekte schon erfolgreich umgesetzt sind:","_links":{"self":[{"href":"https:\/\/gemeinde.ahlerstedt.de\/index.php?rest_route=\/wp\/v2\/pages\/2711","targetHints":{"allow":["GET"]}}],"collection":[{"href":"https:\/\/gemeinde.ahlerstedt.de\/index.php?rest_route=\/wp\/v2\/pages"}],"about":[{"href":"https:\/\/gemeinde.ahlerstedt.de\/index.php?rest_route=\/wp\/v2\/types\/page"}],"author":[{"embeddable":true,"href":"https:\/\/gemeinde.ahlerstedt.de\/index.php?rest_route=\/wp\/v2\/users\/2"}],"replies":[{"embeddable":true,"href":"https:\/\/gemeinde.ahlerstedt.de\/index.php?rest_route=%2Fwp%2Fv2%2Fcomments&post=2711"}],"version-history":[{"count":3,"href":"https:\/\/gemeinde.ahlerstedt.de\/index.php?rest_route=\/wp\/v2\/pages\/2711\/revisions"}],"predecessor-version":[{"id":2724,"href":"https:\/\/gemeinde.ahlerstedt.de\/index.php?rest_route=\/wp\/v2\/pages\/2711\/revisions\/2724"}],"up":[{"embeddable":true,"href":"https:\/\/gemeinde.ahlerstedt.de\/index.php?rest_route=\/wp\/v2\/pages\/104"}],"wp:attachment":[{"href":"https:\/\/gemeinde.ahlerstedt.de\/index.php?rest_route=%2Fwp%2Fv2%2Fmedia&parent=2711"}],"curies":[{"name":"wp","href":"https:\/\/api.w.org\/{rel}","templated":true}]}}